{"id":579,"date":"2023-01-29T19:34:07","date_gmt":"2023-01-29T19:34:07","guid":{"rendered":"https:\/\/wolkentanz7.ch\/?page_id=579"},"modified":"2024-08-18T16:12:37","modified_gmt":"2024-08-18T16:12:37","slug":"weg-weiser","status":"publish","type":"page","link":"https:\/\/wolkentanz7.ch\/?page_id=579","title":{"rendered":"Weg  weiser"},"content":{"rendered":"\n<figure class=\"wp-block-image size-large is-resized is-style-rounded\"><img loading=\"lazy\" decoding=\"async\" src=\"https:\/\/wolkentanz7.ch\/wp-content\/uploads\/2024\/08\/IMG-20240817-WA00181-875x1020.jpeg\" alt=\"\" class=\"wp-image-676\" width=\"378\" height=\"441\" srcset=\"https:\/\/wolkentanz7.ch\/wp-content\/uploads\/2024\/08\/IMG-20240817-WA00181-875x1020.jpeg 875w, https:\/\/wolkentanz7.ch\/wp-content\/uploads\/2024\/08\/IMG-20240817-WA00181-257x300.jpeg 257w, https:\/\/wolkentanz7.ch\/wp-content\/uploads\/2024\/08\/IMG-20240817-WA00181-768x895.jpeg 768w, https:\/\/wolkentanz7.ch\/wp-content\/uploads\/2024\/08\/IMG-20240817-WA00181-1318x1536.jpeg 1318w, https:\/\/wolkentanz7.ch\/wp-content\/uploads\/2024\/08\/IMG-20240817-WA00181-1757x2048.jpeg 1757w\" sizes=\"auto, (max-width: 378px) 100vw, 378px\" \/><figcaption class=\"wp-element-caption\">Im R\u00e4uchern die Kraft der Natur Lieben.  MaWaZeit Vollmond August 24<\/figcaption><\/figure>\n\n\n\n<figure class=\"wp-block-image size-large is-resized is-style-rounded\"><img loading=\"lazy\" decoding=\"async\" src=\"https:\/\/wolkentanz7.ch\/wp-content\/uploads\/2024\/08\/20240817_1555272-1020x1016.jpg\" alt=\"\" class=\"wp-image-675\" width=\"361\" height=\"359\" srcset=\"https:\/\/wolkentanz7.ch\/wp-content\/uploads\/2024\/08\/20240817_1555272-1020x1016.jpg 1020w, https:\/\/wolkentanz7.ch\/wp-content\/uploads\/2024\/08\/20240817_1555272-150x150.jpg 150w, https:\/\/wolkentanz7.ch\/wp-content\/uploads\/2024\/08\/20240817_1555272-768x765.jpg 768w, https:\/\/wolkentanz7.ch\/wp-content\/uploads\/2024\/08\/20240817_1555272-1536x1530.jpg 1536w, https:\/\/wolkentanz7.ch\/wp-content\/uploads\/2024\/08\/20240817_1555272-2048x2039.jpg 2048w\" sizes=\"auto, (max-width: 361px) 100vw, 361px\" \/><figcaption class=\"wp-element-caption\">Mein Wolkenrad, es gibt mir Verbindung in mir bis zu den Wolken. MaWa Zeit Vollmond August 24<\/figcaption><\/figure>\n\n\n\n<p>Wolkentanz, der Moment wo sie sich ber\u00fchren, die Wolken in den See tauchen, diesen Moment Atmen und wachsen lassen.<\/p>\n\n\n\n<p class=\"coblocks-animate\" data-coblocks-animation=\"slideInRight\">MawaZeit mit Wolkentanz<\/p>\n\n\n\n<figure class=\"wp-block-image size-full is-resized is-style-rounded\"><img loading=\"lazy\" decoding=\"async\" src=\"https:\/\/wolkentanz7.ch\/wp-content\/uploads\/2022\/01\/FB_IMG_1629631417077.jpg\" alt=\"\" class=\"wp-image-135\" width=\"586\" height=\"677\" srcset=\"https:\/\/wolkentanz7.ch\/wp-content\/uploads\/2022\/01\/FB_IMG_1629631417077.jpg 830w, https:\/\/wolkentanz7.ch\/wp-content\/uploads\/2022\/01\/FB_IMG_1629631417077-259x300.jpg 259w, https:\/\/wolkentanz7.ch\/wp-content\/uploads\/2022\/01\/FB_IMG_1629631417077-768x888.jpg 768w\" sizes=\"auto, (max-width: 586px) 100vw, 586px\" \/><\/figure>\n\n\n\n<p>Mai 2023<\/p>\n\n\n\n<div aria-label=\"Collage Gallery\" class=\"wp-block-coblocks-gallery-collage alignwide has-small-gutter\"><ul><li class=\"wp-block-coblocks-gallery-collage__item item-1\"><figure class=\"wp-block-coblocks-gallery-collage__figure\"><img loading=\"lazy\" decoding=\"async\" width=\"765\" height=\"1020\" alt=\"Gallery Image\" class=\"wp-image-656\" data-id=\"656\" data-imglink=\"\" data-index=\"0\" src=\"https:\/\/wolkentanz7.ch\/wp-content\/uploads\/2023\/04\/IMG20230428121341_web-765x1020.jpg\" srcset=\"https:\/\/wolkentanz7.ch\/wp-content\/uploads\/2023\/04\/IMG20230428121341_web-765x1020.jpg 765w, https:\/\/wolkentanz7.ch\/wp-content\/uploads\/2023\/04\/IMG20230428121341_web-225x300.jpg 225w, https:\/\/wolkentanz7.ch\/wp-content\/uploads\/2023\/04\/IMG20230428121341_web-768x1024.jpg 768w, https:\/\/wolkentanz7.ch\/wp-content\/uploads\/2023\/04\/IMG20230428121341_web.jpg 800w\" sizes=\"auto, (max-width: 765px) 100vw, 765px\" \/><\/figure><\/li><li class=\"wp-block-coblocks-gallery-collage__item item-2\"><figure class=\"wp-block-coblocks-gallery-collage__figure\"><img loading=\"lazy\" decoding=\"async\" width=\"800\" height=\"600\" alt=\"Gallery Image\" class=\"wp-image-659\" data-id=\"659\" data-imglink=\"\" data-index=\"1\" data-link=\"https:\/\/wolkentanz7.ch\/?attachment_id=659\" src=\"https:\/\/wolkentanz7.ch\/wp-content\/uploads\/2023\/04\/IMG20230427112848_web.jpg\" srcset=\"https:\/\/wolkentanz7.ch\/wp-content\/uploads\/2023\/04\/IMG20230427112848_web.jpg 800w, https:\/\/wolkentanz7.ch\/wp-content\/uploads\/2023\/04\/IMG20230427112848_web-300x225.jpg 300w, https:\/\/wolkentanz7.ch\/wp-content\/uploads\/2023\/04\/IMG20230427112848_web-768x576.jpg 768w\" sizes=\"auto, (max-width: 800px) 100vw, 800px\" \/><\/figure><\/li><li class=\"wp-block-coblocks-gallery-collage__item item-3\"><figure class=\"wp-block-coblocks-gallery-collage__figure\"><img loading=\"lazy\" decoding=\"async\" width=\"765\" height=\"1020\" alt=\"Gallery Image\" class=\"wp-image-656\" data-id=\"656\" data-imglink=\"\" data-index=\"2\" data-link=\"https:\/\/wolkentanz7.ch\/?attachment_id=656\" src=\"https:\/\/wolkentanz7.ch\/wp-content\/uploads\/2023\/04\/IMG20230428121341_web-765x1020.jpg\" srcset=\"https:\/\/wolkentanz7.ch\/wp-content\/uploads\/2023\/04\/IMG20230428121341_web-765x1020.jpg 765w, https:\/\/wolkentanz7.ch\/wp-content\/uploads\/2023\/04\/IMG20230428121341_web-225x300.jpg 225w, https:\/\/wolkentanz7.ch\/wp-content\/uploads\/2023\/04\/IMG20230428121341_web-768x1024.jpg 768w, https:\/\/wolkentanz7.ch\/wp-content\/uploads\/2023\/04\/IMG20230428121341_web.jpg 800w\" sizes=\"auto, (max-width: 765px) 100vw, 765px\" \/><\/figure><\/li><li class=\"wp-block-coblocks-gallery-collage__item item-4\"><figure class=\"wp-block-coblocks-gallery-collage__figure\"><img loading=\"lazy\" decoding=\"async\" width=\"576\" height=\"1024\" alt=\"Gallery Image\" class=\"wp-image-280\" data-id=\"280\" data-imglink=\"\" data-index=\"3\" data-link=\"https:\/\/wolkentanz7.ch\/?attachment_id=280\" src=\"https:\/\/wolkentanz7.ch\/wp-content\/uploads\/2022\/02\/cropped-cropped-20210918_145418-scaled-1-576x1024.jpg\" srcset=\"https:\/\/wolkentanz7.ch\/wp-content\/uploads\/2022\/02\/cropped-cropped-20210918_145418-scaled-1-576x1024.jpg 576w, https:\/\/wolkentanz7.ch\/wp-content\/uploads\/2022\/02\/cropped-cropped-20210918_145418-scaled-1-169x300.jpg 169w, https:\/\/wolkentanz7.ch\/wp-content\/uploads\/2022\/02\/cropped-cropped-20210918_145418-scaled-1-768x1365.jpg 768w, https:\/\/wolkentanz7.ch\/wp-content\/uploads\/2022\/02\/cropped-cropped-20210918_145418-scaled-1-864x1536.jpg 864w, https:\/\/wolkentanz7.ch\/wp-content\/uploads\/2022\/02\/cropped-cropped-20210918_145418-scaled-1-1152x2048.jpg 1152w, https:\/\/wolkentanz7.ch\/wp-content\/uploads\/2022\/02\/cropped-cropped-20210918_145418-scaled-1.jpg 1440w\" sizes=\"auto, (max-width: 576px) 100vw, 576px\" \/><\/figure><\/li><li class=\"wp-block-coblocks-gallery-collage__item item-5\"><figure class=\"wp-block-coblocks-gallery-collage__figure\"><img loading=\"lazy\" decoding=\"async\" width=\"765\" height=\"1020\" alt=\"Gallery Image\" class=\"wp-image-657\" data-id=\"657\" data-imglink=\"\" data-index=\"4\" data-link=\"https:\/\/wolkentanz7.ch\/?attachment_id=657\" src=\"https:\/\/wolkentanz7.ch\/wp-content\/uploads\/2023\/04\/IMG20230427153918_web-765x1020.jpg\" srcset=\"https:\/\/wolkentanz7.ch\/wp-content\/uploads\/2023\/04\/IMG20230427153918_web-765x1020.jpg 765w, https:\/\/wolkentanz7.ch\/wp-content\/uploads\/2023\/04\/IMG20230427153918_web-225x300.jpg 225w, https:\/\/wolkentanz7.ch\/wp-content\/uploads\/2023\/04\/IMG20230427153918_web-768x1024.jpg 768w, https:\/\/wolkentanz7.ch\/wp-content\/uploads\/2023\/04\/IMG20230427153918_web.jpg 800w\" sizes=\"auto, (max-width: 765px) 100vw, 765px\" \/><\/figure><\/li><\/ul><\/div>\n\n\n\n<p>Zwischen den frischen Bl\u00e4ttern w\u00e4chst ein Duft mit vielen kleinen Bl\u00fcten. Der Duft der im gehen mich erreicht erz\u00e4hlt eine sanfte Geschichte. schliesse die Augen und lasse ein Bild wachsen. So hilft die Fliederblume einen Moment inne zu halten, dem Wesen der Blume Zeit zu geben, mir Zeit zugeben. Ein Tor f\u00fcr in meine Welt innen. <\/p>\n\n\n\n<p>Ein paar Bl\u00fcten nehme ich mit, f\u00fcr eine R\u00e4uchermischung, in der die Augen sich schliessen.<\/p>\n\n\n\n<p><\/p>\n\n\n\n<p><\/p>\n\n\n\n<p>Februar 2023<\/p>\n\n\n\n<p>Im Moment bin ich sobald ich Zeit habe im Wald unterwegs.  Da erhole ich mich da finde ich meine Verbindung zur Natur.<\/p>\n\n\n\n<p>Das Licht findet den Weg.<\/p>\n\n\n\n<figure class=\"wp-block-coblocks-gallery-masonry masonry-grid has-small-gutter\">\n<figure class=\"wp-block-image size-large masonry-brick\"><img loading=\"lazy\" decoding=\"async\" width=\"1024\" height=\"576\" src=\"https:\/\/wolkentanz7.ch\/wp-content\/uploads\/2022\/01\/20210927_095020-1024x576.jpg\" alt=\"Image gallery image\" class=\"wp-image-125\" srcset=\"https:\/\/wolkentanz7.ch\/wp-content\/uploads\/2022\/01\/20210927_095020-1024x576.jpg 1024w, https:\/\/wolkentanz7.ch\/wp-content\/uploads\/2022\/01\/20210927_095020-300x169.jpg 300w, https:\/\/wolkentanz7.ch\/wp-content\/uploads\/2022\/01\/20210927_095020-768x432.jpg 768w, https:\/\/wolkentanz7.ch\/wp-content\/uploads\/2022\/01\/20210927_095020-1536x864.jpg 1536w, https:\/\/wolkentanz7.ch\/wp-content\/uploads\/2022\/01\/20210927_095020-2048x1152.jpg 2048w\" sizes=\"auto, (max-width: 1024px) 100vw, 1024px\" \/><\/figure>\n\n\n\n<figure class=\"wp-block-image size-large masonry-brick\"><img loading=\"lazy\" decoding=\"async\" width=\"1024\" height=\"576\" src=\"https:\/\/wolkentanz7.ch\/wp-content\/uploads\/2022\/09\/20211101_105454-1024x576.jpg\" alt=\"Image gallery image\" class=\"wp-image-475\" srcset=\"https:\/\/wolkentanz7.ch\/wp-content\/uploads\/2022\/09\/20211101_105454-1024x576.jpg 1024w, https:\/\/wolkentanz7.ch\/wp-content\/uploads\/2022\/09\/20211101_105454-300x169.jpg 300w, https:\/\/wolkentanz7.ch\/wp-content\/uploads\/2022\/09\/20211101_105454-768x432.jpg 768w, https:\/\/wolkentanz7.ch\/wp-content\/uploads\/2022\/09\/20211101_105454-1536x864.jpg 1536w, https:\/\/wolkentanz7.ch\/wp-content\/uploads\/2022\/09\/20211101_105454-2048x1152.jpg 2048w\" sizes=\"auto, (max-width: 1024px) 100vw, 1024px\" \/><\/figure>\n\n\n\n<figure class=\"wp-block-image size-large masonry-brick\"><img loading=\"lazy\" decoding=\"async\" width=\"756\" height=\"1024\" src=\"https:\/\/wolkentanz7.ch\/wp-content\/uploads\/2022\/08\/IMG_20220827_100231-756x1024.jpg\" alt=\"Image gallery image\" class=\"wp-image-409\" srcset=\"https:\/\/wolkentanz7.ch\/wp-content\/uploads\/2022\/08\/IMG_20220827_100231-756x1024.jpg 756w, https:\/\/wolkentanz7.ch\/wp-content\/uploads\/2022\/08\/IMG_20220827_100231-221x300.jpg 221w, https:\/\/wolkentanz7.ch\/wp-content\/uploads\/2022\/08\/IMG_20220827_100231-768x1040.jpg 768w, https:\/\/wolkentanz7.ch\/wp-content\/uploads\/2022\/08\/IMG_20220827_100231-1134x1536.jpg 1134w, https:\/\/wolkentanz7.ch\/wp-content\/uploads\/2022\/08\/IMG_20220827_100231-1512x2048.jpg 1512w, https:\/\/wolkentanz7.ch\/wp-content\/uploads\/2022\/08\/IMG_20220827_100231-scaled.jpg 1890w\" sizes=\"auto, (max-width: 756px) 100vw, 756px\" \/><\/figure>\n\n\n\n<figure class=\"wp-block-image size-large masonry-brick\"><img loading=\"lazy\" decoding=\"async\" width=\"1024\" height=\"683\" src=\"https:\/\/wolkentanz7.ch\/wp-content\/uploads\/2022\/03\/DSC02396-1-1024x683.jpg\" alt=\"dem Herz zuh\u00f6ren\" class=\"wp-image-207\" srcset=\"https:\/\/wolkentanz7.ch\/wp-content\/uploads\/2022\/03\/DSC02396-1-1024x683.jpg 1024w, https:\/\/wolkentanz7.ch\/wp-content\/uploads\/2022\/03\/DSC02396-1-300x200.jpg 300w, https:\/\/wolkentanz7.ch\/wp-content\/uploads\/2022\/03\/DSC02396-1-768x512.jpg 768w, https:\/\/wolkentanz7.ch\/wp-content\/uploads\/2022\/03\/DSC02396-1-1536x1024.jpg 1536w, https:\/\/wolkentanz7.ch\/wp-content\/uploads\/2022\/03\/DSC02396-1-2048x1365.jpg 2048w\" sizes=\"auto, (max-width: 1024px) 100vw, 1024px\" \/><\/figure>\n\n\n\n<figure class=\"wp-block-image size-large masonry-brick\"><img loading=\"lazy\" decoding=\"async\" width=\"576\" height=\"1024\" src=\"https:\/\/wolkentanz7.ch\/wp-content\/uploads\/2022\/03\/20210227_101327-576x1024.jpg\" alt=\"Image gallery image\" class=\"wp-image-193\" srcset=\"https:\/\/wolkentanz7.ch\/wp-content\/uploads\/2022\/03\/20210227_101327-576x1024.jpg 576w, https:\/\/wolkentanz7.ch\/wp-content\/uploads\/2022\/03\/20210227_101327-169x300.jpg 169w, https:\/\/wolkentanz7.ch\/wp-content\/uploads\/2022\/03\/20210227_101327-768x1365.jpg 768w, https:\/\/wolkentanz7.ch\/wp-content\/uploads\/2022\/03\/20210227_101327-864x1536.jpg 864w, https:\/\/wolkentanz7.ch\/wp-content\/uploads\/2022\/03\/20210227_101327-1152x2048.jpg 1152w, https:\/\/wolkentanz7.ch\/wp-content\/uploads\/2022\/03\/20210227_101327-scaled.jpg 1440w\" sizes=\"auto, (max-width: 576px) 100vw, 576px\" \/><\/figure>\n<\/figure>\n\n\n\n<figure class=\"wp-block-gallery has-nested-images columns-default is-cropped wp-block-gallery-1 is-layout-flex wp-block-gallery-is-layout-flex\">\n<figure class=\"wp-block-image size-large\"><img loading=\"lazy\" decoding=\"async\" width=\"2048\" height=\"1450\" data-id=\"408\" src=\"https:\/\/wolkentanz7.ch\/wp-content\/uploads\/2022\/08\/IMG-20201231-WA0015.jpg\" alt=\"\" class=\"wp-image-408\" srcset=\"https:\/\/wolkentanz7.ch\/wp-content\/uploads\/2022\/08\/IMG-20201231-WA0015.jpg 2048w, https:\/\/wolkentanz7.ch\/wp-content\/uploads\/2022\/08\/IMG-20201231-WA0015-300x212.jpg 300w, https:\/\/wolkentanz7.ch\/wp-content\/uploads\/2022\/08\/IMG-20201231-WA0015-1024x725.jpg 1024w, https:\/\/wolkentanz7.ch\/wp-content\/uploads\/2022\/08\/IMG-20201231-WA0015-768x544.jpg 768w, https:\/\/wolkentanz7.ch\/wp-content\/uploads\/2022\/08\/IMG-20201231-WA0015-1536x1088.jpg 1536w\" sizes=\"auto, (max-width: 2048px) 100vw, 2048px\" \/><figcaption class=\"wp-element-caption\">Am Winterseeauf Spurensuche<\/figcaption><\/figure>\n\n\n\n<figure class=\"wp-block-image size-large\"><img loading=\"lazy\" decoding=\"async\" width=\"1920\" height=\"2560\" data-id=\"215\" src=\"https:\/\/wolkentanz7.ch\/wp-content\/uploads\/2022\/03\/20150106_150506-scaled.jpg\" alt=\"\" class=\"wp-image-215\" srcset=\"https:\/\/wolkentanz7.ch\/wp-content\/uploads\/2022\/03\/20150106_150506-scaled.jpg 1920w, https:\/\/wolkentanz7.ch\/wp-content\/uploads\/2022\/03\/20150106_150506-225x300.jpg 225w, https:\/\/wolkentanz7.ch\/wp-content\/uploads\/2022\/03\/20150106_150506-768x1024.jpg 768w, https:\/\/wolkentanz7.ch\/wp-content\/uploads\/2022\/03\/20150106_150506-1152x1536.jpg 1152w, https:\/\/wolkentanz7.ch\/wp-content\/uploads\/2022\/03\/20150106_150506-1536x2048.jpg 1536w\" sizes=\"auto, (max-width: 1920px) 100vw, 1920px\" \/><figcaption class=\"wp-element-caption\">Weltstern<\/figcaption><\/figure>\n\n\n\n<figure class=\"wp-block-image size-large\"><img loading=\"lazy\" decoding=\"async\" width=\"1920\" height=\"2560\" data-id=\"213\" src=\"https:\/\/wolkentanz7.ch\/wp-content\/uploads\/2022\/03\/20141223_150414-scaled.jpg\" alt=\"\" class=\"wp-image-213\" srcset=\"https:\/\/wolkentanz7.ch\/wp-content\/uploads\/2022\/03\/20141223_150414-scaled.jpg 1920w, https:\/\/wolkentanz7.ch\/wp-content\/uploads\/2022\/03\/20141223_150414-225x300.jpg 225w, https:\/\/wolkentanz7.ch\/wp-content\/uploads\/2022\/03\/20141223_150414-768x1024.jpg 768w, https:\/\/wolkentanz7.ch\/wp-content\/uploads\/2022\/03\/20141223_150414-1152x1536.jpg 1152w, https:\/\/wolkentanz7.ch\/wp-content\/uploads\/2022\/03\/20141223_150414-1536x2048.jpg 1536w\" sizes=\"auto, (max-width: 1920px) 100vw, 1920px\" \/><figcaption class=\"wp-element-caption\">Im Eis getragen<\/figcaption><\/figure>\n<\/figure>\n\n\n\n<p><strong>Am See auf der Suche nach Spuren nach Seegef\u00fchlen<\/strong> Januar 2023<\/p>\n\n\n\n\n","protected":false},"excerpt":{"rendered":"<p>Wolkentanz, der Moment wo sie sich ber\u00fchren, die Wolken in den See tauchen, diesen Moment Atmen und wachsen lassen. MawaZeit mit Wolkentanz Mai 2023 Zwischen den frischen Bl\u00e4ttern w\u00e4chst ein Duft mit vielen kleinen Bl\u00fcten. Der Duft der im gehen mich erreicht erz\u00e4hlt eine sanfte Geschichte. schliesse die Augen und lasse ein Bild wachsen. So [&hellip;]<\/p>\n","protected":false},"author":2,"featured_media":0,"parent":0,"menu_order":0,"comment_status":"closed","ping_status":"closed","template":"","meta":{"_coblocks_attr":"","_coblocks_dimensions":"","_coblocks_responsive_height":"","_coblocks_accordion_ie_support":"","footnotes":""},"class_list":["post-579","page","type-page","status-publish","hentry"],"_links":{"self":[{"href":"https:\/\/wolkentanz7.ch\/index.php?rest_route=\/wp\/v2\/pages\/579","targetHints":{"allow":["GET"]}}],"collection":[{"href":"https:\/\/wolkentanz7.ch\/index.php?rest_route=\/wp\/v2\/pages"}],"about":[{"href":"https:\/\/wolkentanz7.ch\/index.php?rest_route=\/wp\/v2\/types\/page"}],"author":[{"embeddable":true,"href":"https:\/\/wolkentanz7.ch\/index.php?rest_route=\/wp\/v2\/users\/2"}],"replies":[{"embeddable":true,"href":"https:\/\/wolkentanz7.ch\/index.php?rest_route=%2Fwp%2Fv2%2Fcomments&post=579"}],"version-history":[{"count":10,"href":"https:\/\/wolkentanz7.ch\/index.php?rest_route=\/wp\/v2\/pages\/579\/revisions"}],"predecessor-version":[{"id":677,"href":"https:\/\/wolkentanz7.ch\/index.php?rest_route=\/wp\/v2\/pages\/579\/revisions\/677"}],"wp:attachment":[{"href":"https:\/\/wolkentanz7.ch\/index.php?rest_route=%2Fwp%2Fv2%2Fmedia&parent=579"}],"curies":[{"name":"wp","href":"https:\/\/api.w.org\/{rel}","templated":true}]}}